{"id":4424,"date":"2026-04-16T13:02:41","date_gmt":"2026-04-16T11:02:41","guid":{"rendered":"https:\/\/sii.umh.es\/?page_id=4424"},"modified":"2026-04-16T13:39:34","modified_gmt":"2026-04-16T11:39:34","slug":"2025_sda_01-sistema-dinamico-de-adquisicion-para-la-realizacion-de-servicios-de-infraestructuras-tic","status":"publish","type":"page","link":"https:\/\/sii.umh.es\/ca\/acuerdos_marco\/2025_sda_01-sistema-dinamico-de-adquisicion-para-la-realizacion-de-servicios-de-infraestructuras-tic\/","title":{"rendered":"2025_SDA_01 Sistema din\u00e0mic d&#8217;adquisici\u00f3 per a la realitzaci\u00f3 de serveis d&#8217;infraestructures TIC per a la UMH"},"content":{"rendered":"<p><img loading=\"lazy\" class=\"aligncenter wp-image-4427 \" src=\"https:\/\/sii.umh.es\/files\/2026\/04\/2025_SDA_01.png\" alt=\"\" width=\"666\" height=\"223\" \/><br \/>\nLa Universitat Miguel Hern\u00e1ndez d&#8217;Elx ha homologat divers material inform\u00e0tic fungible a trav\u00e9s de l&#8217;expedient <a href=\"https:\/\/contrataciondelestado.es\/FileSystem\/servlet\/GetDocumentByIdServlet?cifrado=QUC1GjXXSiLkydRHJBmbpw%3D%3D&amp;DocumentIdParam=lR%2BA3JpXUG1TtYZiQ6tlwOy7\/Ye9GtRhf4IPmEZTcM2NAw8XWOV4Lf1hA0tqw\/oCLbXK1\/6BZ7NSsVPvnq13fvXh9PRBh7%2Bu4j1MI6WiK5iB0nvVKRzfe4rpHcnlPhSZ\" target=\"_blank\" rel=\"noopener\">2025_SDA_01 Sistema din\u00e0mic d&#8217;adquisici\u00f3 per a la realitzaci\u00f3 de serveis d&#8217;infraestructures TIC per a la UMH <img loading=\"lazy\" class=\"alignnone size-full wp-image-3400\" src=\"https:\/\/sii.umh.es\/files\/2024\/01\/abre-en-nueva-ventana.png\" alt=\"Abre en nueva ventana\" width=\"15\" height=\"15\" \/><\/a><\/p>\n<p>L&#8217;objecte del present Acord Marc obeeix a la necessitat de racionalitzar i unificar la prestaci\u00f3 de serveis d&#8217;infraestructures TIC de la Universitat Miguel Hern\u00e1ndez en qualsevol dels seus campus (Altea, Elx, Oriola (seu de Desemparats i Saleses) Sant Joan d\u2019Alacant).<\/p>\n<hr style=\"clear: both;border: none\" \/>\n<p style=\"max-width: 429.7px;border: 2px red solid;padding: 12px 9px 13px 13px;margin: 0 auto\"><img loading=\"lazy\" class=\"wp-image-3767 alignleft\" src=\"https:\/\/sii.umh.es\/files\/2026\/02\/duracion.png\" alt=\"\" width=\"91\" height=\"101\" \/><strong>Data d&#8217;inici:<\/strong> 16 d&#8217;abril de 2026<br \/>\n<strong>Data de fi:<\/strong> 15 d&#8217;abril de 2030<\/p>\n<hr style=\"clear: both;border: none\" \/>\n<p>Per a aix\u00f2 aquest objecte global s&#8217;ha dividit en 3 categories:<\/p>\n<ul>\n<li>Categoria 1 <strong>Serveis de Microinform\u00e0tica<\/strong><\/li>\n<li>Categoria 2 <strong>Serveis Audiovisuals<\/strong><\/li>\n<li>Categoria 3 <strong>Serveis de Xarxa<\/strong><\/li>\n<\/ul>\n<p>&nbsp;<\/p>\n<p style=\"max-width: 560px;border: 2px red solid;padding: 13px;margin: 0 auto\"><img loading=\"lazy\" class=\"wp-image-3767 alignleft\" src=\"https:\/\/sii.umh.es\/files\/2025\/02\/soporte-271x300.png\" alt=\"\" width=\"91\" height=\"101\" srcset=\"https:\/\/sii.umh.es\/files\/2025\/02\/soporte-271x300.png 271w, https:\/\/sii.umh.es\/files\/2025\/02\/soporte.png 500w\" sizes=\"(max-width: 91px) 100vw, 91px\" \/>Per a dubtes sobre la sol\u00b7licitud de serveis, sol\u00b7licita ajuda a un t\u00e8cnic del Servei d&#8217;Infraestructures Inform\u00e0tiques creant una &#8220;Petici\u00f3 Inform\u00e0tica&#8221; a trav\u00e9s de <a href=\"http:\/\/cau.umh.es\"><b>cau.umh.es<\/b><\/a><\/p>\n<p>&nbsp;<\/p>\n<p style=\"max-width: 560px;border: 2px red solid;padding-top: 7px;padding-left:-4px;padding-bottom:12px;margin: 0 auto\"><img loading=\"lazy\" class=\"wp-image-3767 alignleft\" src=\"https:\/\/sii.umh.es\/files\/2026\/04\/ico_sda.png\" alt=\"\" width=\"115\" height=\"95\" \/><b>\u00bfC\u00f3mo adherirse al SDA de Servicios TIC?<br \/>\n<\/b><br \/><a href=\"https:\/\/sii.umh.es\/ca\/acuerdos_marco\/2025_sda_01-sistema-dinamico-de-adquisicion-para-la-realizacion-de-servicios-de-infraestructuras-tic\/como-adherirse-al-sda-de-servicios-tic\/\">Consulte aqu\u00ed el procedimiento de solicitud de participaci\u00f3n para empresas interesadas<\/a><\/p>\n<p>\n&nbsp;<\/p>","protected":false},"excerpt":{"rendered":"<p>La Universitat Miguel Hern\u00e1ndez d&#8217;Elx ha homologat divers material inform\u00e0tic fungible a trav\u00e9s de l&#8217;expedient 2025_SDA_01 Sistema din\u00e0mic d&#8217;adquisici\u00f3 per a la realitzaci\u00f3 de serveis d&#8217;infraestructures TIC per a la UMH<br \/>\nL&#8217;objecte del present Acord Marc obeeix a la necessitat de racionalitzar i unificar la prestaci\u00f3 de serveis d&#8217;infraestructures TIC de la Universitat Miguel Hern\u00e1ndez [&#8230;]<\/p>\n","protected":false},"author":24275,"featured_media":0,"parent":2973,"menu_order":0,"comment_status":"closed","ping_status":"closed","template":"","meta":{"_links_to":"","_links_to_target":""},"_links":{"self":[{"href":"https:\/\/sii.umh.es\/ca\/wp-json\/wp\/v2\/pages\/4424"}],"collection":[{"href":"https:\/\/sii.umh.es\/ca\/wp-json\/wp\/v2\/pages"}],"about":[{"href":"https:\/\/sii.umh.es\/ca\/wp-json\/wp\/v2\/types\/page"}],"author":[{"embeddable":true,"href":"https:\/\/sii.umh.es\/ca\/wp-json\/wp\/v2\/users\/24275"}],"replies":[{"embeddable":true,"href":"https:\/\/sii.umh.es\/ca\/wp-json\/wp\/v2\/comments?post=4424"}],"version-history":[{"count":0,"href":"https:\/\/sii.umh.es\/ca\/wp-json\/wp\/v2\/pages\/4424\/revisions"}],"up":[{"embeddable":true,"href":"https:\/\/sii.umh.es\/ca\/wp-json\/wp\/v2\/pages\/2973"}],"wp:attachment":[{"href":"https:\/\/sii.umh.es\/ca\/wp-json\/wp\/v2\/media?parent=4424"}],"curies":[{"name":"wp","href":"https:\/\/api.w.org\/{rel}","templated":true}]}}