{"id":2621,"date":"2020-07-02T09:46:48","date_gmt":"2020-07-02T07:46:48","guid":{"rendered":"https:\/\/sii.umh.es\/?page_id=2621"},"modified":"2026-01-30T18:08:24","modified_gmt":"2026-01-30T17:08:24","slug":"horario-de-atencion-y-contacto","status":"publish","type":"page","link":"https:\/\/sii.umh.es\/ca\/soporte-y-resolucion-de-incidencias\/horario-de-atencion-y-contacto\/","title":{"rendered":"Horari d&#8217;atenci\u00f3 i contacte"},"content":{"rendered":"<p><\/p>\n<ul>\n<li>\n<p data-path-to-node=\"8,0,0\"><b data-path-to-node=\"8,0,0\" data-index-in-node=\"0\">Horari est\u00e0ndard:<\/b> L&#8217;horari d&#8217;atenci\u00f3 al p\u00fablic \u00e9s de dilluns a divendres de 8:00 AM fins a 6:30 PM de manera ininterrompuda. Aix\u00f2 suposa 10:30 hores di\u00e0ries d&#8217;atenci\u00f3 a l&#8217;usuari.<\/p>\n<\/li>\n<li>\n<p data-path-to-node=\"8,1,0\"><b data-path-to-node=\"8,1,0\" data-index-in-node=\"0\">Horari d&#8217;estiu i per\u00edodes especials:<\/b> \u00c9s de dilluns a divendres, de 8:00 AM a 3:00 PM. Aix\u00f2 suposa 7 hores di\u00e0ries d&#8217;atenci\u00f3 a l&#8217;usuari. Per a m\u00e9s detalls, consulte el <a href=\"https:\/\/servicioptai.umh.es\/unidad-pas\/calendario-laboral-pas\/\"><b data-path-to-node=\"8,1,0\" data-index-in-node=\"167\">Calendari Laboral PTGAS<\/b><\/a>.<\/p>\n<\/li>\n<li>\n<p data-path-to-node=\"8,2,0\"><b data-path-to-node=\"8,2,0\" data-index-in-node=\"0\">Contacte:<\/b> Per a contactar amb els t\u00e8cnics de CAU es disposa d&#8217;una<a href=\"http:\/\/cau.umh.es\"> eina de gesti\u00f3<\/a> <b data-path-to-node=\"8,2,0\" data-index-in-node=\"81\"><\/b> per al registre de les sol\u00b7licituds per part dels usuaris i del tel\u00e8fon <b data-path-to-node=\"8,2,0\" data-index-in-node=\"164\">96 665 (8582)<\/b>.<\/p>\n<\/li>\n<\/ul>\n<p><\/p>","protected":false},"excerpt":{"rendered":"<p>Horari est\u00e0ndard: L&#8217;horari d&#8217;atenci\u00f3 al p\u00fablic \u00e9s de dilluns a divendres de 8:00 AM fins a 6:30 PM de manera ininterrompuda. Aix\u00f2 suposa 10:30 hores di\u00e0ries d&#8217;atenci\u00f3 a l&#8217;usuari.<\/p>\n<p>Horari d&#8217;estiu i per\u00edodes especials: \u00c9s de dilluns a divendres, de 8:00 AM a 3:00 PM. Aix\u00f2 suposa 7 hores di\u00e0ries d&#8217;atenci\u00f3 a l&#8217;usuari. Per a m\u00e9s [&#8230;]<\/p>\n","protected":false},"author":61,"featured_media":0,"parent":341,"menu_order":0,"comment_status":"closed","ping_status":"closed","template":"","meta":{"_links_to":"","_links_to_target":""},"_links":{"self":[{"href":"https:\/\/sii.umh.es\/ca\/wp-json\/wp\/v2\/pages\/2621"}],"collection":[{"href":"https:\/\/sii.umh.es\/ca\/wp-json\/wp\/v2\/pages"}],"about":[{"href":"https:\/\/sii.umh.es\/ca\/wp-json\/wp\/v2\/types\/page"}],"author":[{"embeddable":true,"href":"https:\/\/sii.umh.es\/ca\/wp-json\/wp\/v2\/users\/61"}],"replies":[{"embeddable":true,"href":"https:\/\/sii.umh.es\/ca\/wp-json\/wp\/v2\/comments?post=2621"}],"version-history":[{"count":0,"href":"https:\/\/sii.umh.es\/ca\/wp-json\/wp\/v2\/pages\/2621\/revisions"}],"up":[{"embeddable":true,"href":"https:\/\/sii.umh.es\/ca\/wp-json\/wp\/v2\/pages\/341"}],"wp:attachment":[{"href":"https:\/\/sii.umh.es\/ca\/wp-json\/wp\/v2\/media?parent=2621"}],"curies":[{"name":"wp","href":"https:\/\/api.w.org\/{rel}","templated":true}]}}